{"id":2049,"date":"2011-06-06T10:38:14","date_gmt":"2011-06-06T14:38:14","guid":{"rendered":"https:\/\/cmv.whelkdev.ca\/activites-2\/"},"modified":"2023-04-12T13:35:00","modified_gmt":"2023-04-12T17:35:00","slug":"activities","status":"publish","type":"page","link":"https:\/\/cmv-educare.com\/en\/activities\/","title":{"rendered":"Activities"},"content":{"rendered":"<p>The UNESCO Chair of Applied Research on Education in Prison, in collaboration with the UNESCO Institute for Lifelong Learning and the Institut de Coop\u00e9ration pour l\u2019\u00c9ducation aux Adultes (ICEA), are pleased to offer webinar Series about education in prison.<\/p>\n<h1><strong>Upcoming activities<\/strong><\/h1>\n<p>The webinar series on innovative research and practice in education in Prison is continuing for a 2023 edition!<\/p>\n<p>\ud83d\udcbb The next webinar will be held <strong>on April 19, 2023<\/strong>. Stay tuned!\u00a0\ud83d\udcbb<\/p>\n<p><strong><em>March 15 2023, 10am-11:30am (EST)<\/em><\/strong><\/p>\n<p>WEBINAR #3<em>&#8211; Canadian Indigenous Communities Reintegration Initiatives<\/em><\/p>\n<ul>\n<li><strong>Program : <a href=\"https:\/\/cmv-educare.com\/wp-content\/uploads\/2023\/03\/WEB3-2023-VENGL.pdf\" target=\"_blank\" rel=\"noopener\">English<\/a> \/ <a href=\"https:\/\/cmv-educare.com\/wp-content\/uploads\/2023\/03\/WEB3-2023VESP.pdf\" target=\"_blank\" rel=\"noopener\">Spanish<\/a><\/strong><\/li>\n<li><strong>Recodring :\u00a0<\/strong>\n<ul>\n<li><a href=\"https:\/\/www.youtube.com\/watch?v=m6EOEIw3iak\" target=\"_blank\" rel=\"noopener\">Original version<\/a><\/li>\n<li><a href=\"https:\/\/www.youtube.com\/watch?v=vGyu462jxVk\" target=\"_blank\" rel=\"noopener\">French version<\/a><\/li>\n<li><a href=\"https:\/\/www.youtube.com\/watch?v=CRUpiOtKWik\" target=\"_blank\" rel=\"noopener\">English version<\/a><\/li>\n<\/ul>\n<\/li>\n<li><strong>Presentation :\u00a0<\/strong>\n<ul>\n<li><a href=\"https:\/\/cmv-educare.com\/wp-content\/uploads\/2023\/03\/Presentation-education-en-prison-Canada-Introduction.pptx\" target=\"_blank\" rel=\"noopener\">Slides &#8211; Fr\u00e9d\u00e9rick Armstrong<\/a><\/li>\n<li><a href=\"https:\/\/cmv-educare.com\/wp-content\/uploads\/2023\/03\/Presentation_MJaccoud.pptx\" target=\"_blank\" rel=\"noopener\">Slides &#8211; Myl\u00e8ne Jaccoud<\/a><\/li>\n<li><a href=\"https:\/\/cmv-educare.com\/wp-content\/uploads\/2023\/03\/UNESCO-Indigenized-reentry-presentation-2023_Jtetrault_compressed-1.pdf\" target=\"_blank\" rel=\"noopener\">Slide- Justin C. Tetrault<\/a><\/li>\n<\/ul>\n<\/li>\n<\/ul>\n<p><em><strong>February 22 2023, 10am -11:30am (EST)<\/strong><\/em><\/p>\n<p>WEBINAR #2<em>&#8211; Sharing Practices and Knowledge in Latin America<\/em><\/p>\n<ul>\n<li><strong>Program<\/strong>: <a href=\"https:\/\/cmv-educare.com\/wp-content\/uploads\/2023\/02\/WEB2-2023-VENGL.pdf\" target=\"_blank\" rel=\"noopener\">English<\/a> \/ <a href=\"https:\/\/cmv-educare.com\/wp-content\/uploads\/2023\/02\/WEB2-202VESP.pdf\" target=\"_blank\" rel=\"noopener\">Spanish<\/a><\/li>\n<li><strong>Recording<\/strong>: <a href=\"https:\/\/www.youtube.com\/watch?v=C_ajzi6dYDQ\" target=\"_blank\" rel=\"noopener\">#2 &#8211; Sharing Practices and Knowledge in Latin America &#8211; Youtube<\/a><\/li>\n<li><strong>Presentation : <\/strong>\n<ul>\n<li><strong><a href=\"https:\/\/cmv-educare.com\/wp-content\/uploads\/2023\/03\/Experiencias-de-la-Universidad-de-Playa-Ancha-en-Prisiones-.pptx\" target=\"_blank\" rel=\"noopener\">Presentation &#8211; Violeta Acuna<\/a><\/strong><\/li>\n<li><a href=\"https:\/\/cmv-educare.com\/wp-content\/uploads\/2023\/03\/UNESCO-Hay-que-educar-a-la-sociedad_SergioGrossi.pdf\" target=\"_blank\" rel=\"noopener\">Presentation &#8211; Sergio Grossi<\/a><\/li>\n<\/ul>\n<\/li>\n<\/ul>\n<p><em><strong>January 25 2023, 10am -11:30am (EST)<\/strong><\/em><\/p>\n<p>WEBINAR #1 <em>&#8211; Senegal : Capacity Developement for Socials Workers<\/em><\/p>\n<ul>\n<li><strong>Program<\/strong>: <a href=\"https:\/\/cmv-educare.com\/wp-content\/uploads\/2023\/01\/VENGL-WEB-1-2023_FINAL.pdf\" target=\"_blank\" rel=\"noopener\">English \/<\/a><a href=\"https:\/\/cmv-educare.com\/wp-content\/uploads\/2023\/01\/VESP-WEB-1-2023_FINAL.pdf\" target=\"_blank\" rel=\"noopener\">Spanish<\/a><\/li>\n<li><strong>Recording<\/strong>: <a href=\"https:\/\/www.youtube.com\/watch?v=OlDdz0V1KUM&amp;t=249s\">#1 S\u00e9n\u00e9gal : renforcement des capacit\u00e9s des travailleurs sociaux &#8211; YouTube<\/a><\/li>\n<li><strong>Presentation : <a href=\"https:\/\/cmv-educare.com\/wp-content\/uploads\/2023\/02\/Presentation-Webinaire-Quebec-Senegal-Frederick-Armstrong.pptx\">Pr\u00e9sentation &#8211; Webinaire Qu\u00e9bec-S\u00e9n\u00e9gal &#8211; Fr\u00e9d\u00e9rick Armstrong<\/a><\/strong><\/li>\n<\/ul>\n<p>&#8212;&#8212;&#8212;&#8212;&#8212;&#8212;&#8212;&#8212;&#8212;&#8212;&#8212;-<\/p>\n<p><em><strong>January 25th 2022<\/strong><\/em><\/p>\n<p>WEBINAR 5<strong> &#8211;<\/strong><em>Digital Initiatives in Prison : The European Project S.T.E.P.<\/em><\/p>\n<ul>\n<li><strong>Program<\/strong>: <a href=\"https:\/\/cmv-educare.com\/wp-content\/uploads\/2022\/03\/Web5_Angl_V2.pdf\" target=\"_blank\" rel=\"noopener\">English \/ <\/a><a href=\"https:\/\/cmv-educare.com\/wp-content\/uploads\/2022\/03\/Web5_ESP_V1.pdf\" target=\"_blank\" rel=\"noopener\">Spanish<\/a><\/li>\n<li><strong>Recording<\/strong>: <a href=\"https:\/\/www.youtube.com\/watch?v=qkFkYF5LzFM&amp;t=1246s\">Webinar on youtube<\/a><\/li>\n<li><strong>Slides<\/strong>:\n<ul>\n<li><a href=\"https:\/\/cmv-educare.com\/wp-content\/uploads\/2022\/04\/1.Presentation-for-the-WEBINAR-UNESCO-STEP-Supporting-distance-Training-and-Education-in-Prison.pdf\">STEP Supporting distance Training and Education in Prison &#8211; Presentation<\/a><\/li>\n<li><a href=\"https:\/\/cmv-educare.com\/wp-content\/uploads\/2022\/04\/2.-LINC-Presentation.pdf\">LINC &#8211; Presentation<\/a> (Italy)<\/li>\n<li><a href=\"https:\/\/cmv-educare.com\/wp-content\/uploads\/2022\/04\/3.Form2you-Presentation.pdf\">Form2you- Presentation (Portugal)<\/a><\/li>\n<li><a href=\"https:\/\/cmv-educare.com\/wp-content\/uploads\/2022\/04\/4.CC-Presentation-.pdf\" target=\"_blank\" rel=\"noopener\">Changes&amp;Chances &#8211; Presentation (Neederland)<\/a><\/li>\n<li><a href=\"https:\/\/cmv-educare.com\/wp-content\/uploads\/2022\/04\/5.Aifed-Presentation-.pdf\" target=\"_blank\" rel=\"noopener\">AIFED &#8211; Asociaci\u00f3n deInnovaci\u00f3n Formaci\u00f3n y Empleo para el Desarrollo Sostenible &#8211; Presentation (Spain)<\/a><\/li>\n<li><a href=\"https:\/\/cmv-educare.com\/wp-content\/uploads\/2022\/04\/6.FARAPEJ-presentation.pdf\" target=\"_blank\" rel=\"noopener\">FARAPEJ &#8211; F\u00e9d\u00e9ration Des Associations R\u00e9flexion-Action, Prison Et Justice-Presentation (France)<\/a><\/li>\n<li><a href=\"https:\/\/cmv-educare.com\/wp-content\/uploads\/2022\/04\/7.ANTIGONE-Presentation.pdf\" target=\"_blank\" rel=\"noopener\">ANTIGONE &#8211; Presentation (Italy)<\/a><\/li>\n<\/ul>\n<\/li>\n<\/ul>\n<p><em><strong>Februray 2nd 2022<\/strong><\/em><\/p>\n<p>WEBINAR 3<strong>\u00a0&#8211;<\/strong><em>Landscape of Higher Education in Prison : Knowledge and Experience in the U.S. Context<\/em><\/p>\n<ul>\n<li><strong>Program<\/strong>: <a href=\"https:\/\/cmv-educare.com\/wp-content\/uploads\/2022\/01\/Landscape-Higher-Education_Webinar-program_VANGL.pdf\" target=\"_blank\" rel=\"noopener\">English<\/a> \/ <a href=\"https:\/\/cmv-educare.com\/wp-content\/uploads\/2022\/01\/Landscape-Higher-Education_Webinar-program_VESP.pdf\" target=\"_blank\" rel=\"noopener\">Spanish<\/a><\/li>\n<li><strong>Recording<\/strong>: <a href=\"https:\/\/www.youtube.com\/watch?v=O6qLatjW0Qw\" target=\"_blank\" rel=\"noopener\">Webinar on youtube<\/a><\/li>\n<li><strong>Slides:<\/strong>\n<ul>\n<li><a href=\"https:\/\/cmv-educare.com\/wp-content\/uploads\/2022\/02\/UNESCO-Presentation_Castro-and-Gould.pptx\" target=\"_blank\" rel=\"noopener\">Diaporama webinar &#8211; Dr. Erin Castro and Dr. Mary Gould<\/a><\/li>\n<li><a href=\"https:\/\/cmv-educare.com\/wp-content\/uploads\/2022\/02\/BPI-UNESCO-slides.pdf\" target=\"_blank\" rel=\"noopener\">Diaporama webinar &#8211; Megan Callaghan and James Kim<\/a><\/li>\n<\/ul>\n<\/li>\n<\/ul>\n<p><em><strong>December 1st 2021<\/strong><\/em><\/p>\n<p>WEBINAIRE 2 &#8211; <em>The Issue of the Penal System in Senegal<\/em><\/p>\n<ul>\n<li><strong>Program<\/strong>: <a href=\"https:\/\/cmv-educare.com\/wp-content\/uploads\/2021\/11\/Programme_Web2_1erdecembre2021_VANGL.pdf\" target=\"_blank\" rel=\"noopener\">English<\/a>\u00a0\/ <a href=\"https:\/\/cmv-educare.com\/wp-content\/uploads\/2021\/11\/Programme_Web2_1decembre2021_VESP.pdf\" target=\"_blank\" rel=\"noopener\">Spanish<\/a><\/li>\n<li><strong>Recording\u00a0<\/strong>: <a href=\"https:\/\/www.youtube.com\/watch?v=OjBZMHop4hQ\" target=\"_blank\" rel=\"noopener\">Webinar on youtube<\/a><\/li>\n<li><strong>Slides:<\/strong>\n<ul>\n<li><a href=\"https:\/\/cmv-educare.com\/wp-content\/uploads\/2022\/02\/Pr\u00e9sentation-pour-Chaire-UNESCO_Vdiffusion.pptx\" target=\"_blank\" rel=\"noopener\">Diaporama webinar <\/a> &#8211;\u00a0Ibrahima Ouelgo, Inspector of the Penitentiary Administration<\/li>\n<\/ul>\n<\/li>\n<\/ul>\n<p><em><strong>November 10 2021<\/strong><\/em><\/p>\n<p>WEBINAR 1<strong>\u00a0&#8211; <\/strong><em>Prison-University Partnerships\u00a0 &#8211; a discussion across borders<\/em><\/p>\n<ul>\n<li><strong>Program<\/strong>:\u00a0<a href=\"https:\/\/cmv-educare.com\/wp-content\/uploads\/2021\/11\/Programme_Web1_10-november-2021_-VAN.pdf\" target=\"_blank\" rel=\"noopener\">English<\/a>\u00a0\/\u00a0<a href=\"https:\/\/cmv-educare.com\/wp-content\/uploads\/2021\/11\/Programme_Web1_10-noviembre-2021_VESP.pdf\" target=\"_blank\" rel=\"noopener\">Spanish<\/a><\/li>\n<li><strong>Recording<\/strong>: <a href=\"https:\/\/www.youtube.com\/watch?v=m2e1XOcn_uc\">Webinar on youtube<\/a><\/li>\n<li><strong>Articles<\/strong>\n<ul>\n<li><a href=\"https:\/\/cmv-educare.com\/wp-content\/uploads\/2021\/11\/Kilty-Lehalle-Contemporary-criminological-issues-Pages-102-127.pdf\" target=\"_blank\" rel=\"noopener\">Contemporary criminological issues: moving beyond insecurity and exclusion<\/a><\/li>\n<li><a href=\"https:\/\/cmv-educare.com\/wp-content\/uploads\/2021\/11\/Kilty-Lehalle-2018-Voices-from-Inside-the-Circle.pdf\" target=\"_blank\" rel=\"noopener\">Voices from inside the circle : the walls to bridges collaborative teaching and learning experience in Canada<\/a><\/li>\n<li><a href=\"https:\/\/scholarscompass.vcu.edu\/jper\/vol6\/iss1\/7\/\" target=\"_blank\" rel=\"noopener\">The Role of Prison-University Patnerships for Transformative Learning<\/a><\/li>\n<\/ul>\n<\/li>\n<\/ul>\n<h3 style=\"text-align: center;\">&#8212;&#8212;&#8212;&#8212;&#8212;&#8212;&#8212;&#8212;<\/h3>\n<h2><strong>Past Activities<\/strong><\/h2>\n<p><strong>You missed an event? Find details and some of the content shared below.<\/strong><\/p>\n<h3>Program for the series:<\/h3>\n<ul>\n<li><a href=\"https:\/\/cmv-educare.com\/wp-content\/uploads\/2021\/02\/annonce_EN-v.2.pdf\" target=\"_blank\" rel=\"noopener\">See the series program<\/a>\u00a0(english)<\/li>\n<li><a href=\"https:\/\/cmv-educare.com\/wp-content\/uploads\/2021\/02\/annonce_ES-v.2.pdf\" target=\"_blank\" rel=\"noopener\">Ver el programa completo\u00a0<\/a><u>(<\/u>espa\u00f1ol)<\/li>\n<\/ul>\n<p><strong><em>May 26, 2021<\/em><\/strong><\/p>\n<p>WEBINAR 6\u00a0<em>&#8211; Les impacts de l\u2019\u00e9ducation en prison et les exp\u00e9riences d\u2019un ancien d\u00e9tenu <\/em>(in French with simultaneous interpretation in English and Spanish)<em><br \/>\n<\/em><em>Panel chaired by the UNESCO Chair of Applied Research for Education in Prison (Canada)<\/em><\/p>\n<ul>\n<li><strong>Program<\/strong>:\u00a0<a href=\"https:\/\/cmv-educare.com\/wp-content\/uploads\/2021\/05\/Webinaire-6-EN-v.2.pdf\" target=\"_blank\" rel=\"noopener\">English<\/a><\/li>\n<\/ul>\n<ul>\n<li><strong>Recording\u00a0<\/strong>: <a href=\"https:\/\/www.youtube.com\/watch?v=bcnLjqa_udU\">Les impacts de l\u2019\u00e9ducation en prison et les exp\u00e9riences d\u2019anciens d\u00e9tenus &#8211; YouTube (In French)<\/a><\/li>\n<\/ul>\n<p><strong><em>April 28, 2021<\/em><\/strong><\/p>\n<p>WEBINAR 5<strong> &#8211; <\/strong><em>L\u2019art communautaire et Nos comp\u00e9tences fortes\u00a0<\/em>(in French with simultaneous interpretation in English and Spanish)<em><br \/>\nPanel chaired by the Institut de coop\u00e9ration pour l&#8217;\u00e9ducaiton des adultes (IC\u00c9A)<\/em><\/p>\n<ul>\n<li><strong>Program<\/strong>: <a href=\"https:\/\/cmv-educare.com\/wp-content\/uploads\/2021\/04\/Webinaire-5-EN-final.pdf\" target=\"_blank\" rel=\"noopener\">English<\/a> \/ <a href=\"https:\/\/cmv-educare.com\/wp-content\/uploads\/2021\/04\/Webinaire-5-ES-final.pdf\" target=\"_blank\" rel=\"noopener\">Espa\u00f1ol<\/a><\/li>\n<\/ul>\n<ul>\n<li><strong>Recording\u00a0<\/strong>: <a href=\"https:\/\/www.youtube.com\/watch?v=nmu2Xt_zDHM\">L\u2019art communautaire et Nos comp\u00e9tences fortes &#8211; YouTube<\/a><\/li>\n<\/ul>\n<p><strong><em>Avril 7, 2021<\/em><\/strong><\/p>\n<p>WEBINAR 4 &#8211; <em>Educaci\u00f3n en contextos de encierro y experiencias juveniles<\/em> (in Spanish with simultaneous interpretation in English)<\/p>\n<ul>\n<li><strong>Program<\/strong>: <a href=\"https:\/\/cmv-educare.com\/wp-content\/uploads\/2021\/03\/Webinaire-4-EN-v.1.pdf\" target=\"_blank\" rel=\"noopener\">English<\/a> \/ <a href=\"https:\/\/cmv-educare.com\/wp-content\/uploads\/2021\/03\/Webinaire-4-ES-v.1.pdf\" target=\"_blank\" rel=\"noopener\">Espa\u00f1ol<\/a><\/li>\n<li><strong>Recording\u00a0<\/strong>: <a href=\"https:\/\/www.youtube.com\/watch?v=i2P0k2FpUUA\">Educaci\u00f3n en contextos de encierro y experiencias juveniles &#8211; YouTube<\/a><\/li>\n<li><strong>Useful links : <\/strong>\n<ul>\n<li><a href=\"https:\/\/linktr.ee\/UndergroundScholarsUCSB\" target=\"_blank\" rel=\"noopener\">@UndergroundScholarsUCSB | Linktree<\/a><\/li>\n<li><a href=\"https:\/\/cmv-educare.com\/wp-content\/uploads\/2021\/04\/What-Diversity-Equity-and-Inclusion-Looks-Like-For-Formerly-Incarcerated-Students-at-The-University-of-California-Santa-Barbara.docx\" target=\"_blank\" rel=\"noopener\">What Diversity, Equity, and Inclusion Looks Like For Formerly Incarcerated Students at The University of California Santa Barbara<\/a><\/li>\n<\/ul>\n<\/li>\n<\/ul>\n<p><strong><em>March 17, 2021<\/em><\/strong><\/p>\n<p>WEBINAR 3<strong> &#8211; <\/strong><em>Regards crois\u00e9s sur les enseignants en prison en France<\/em>(in French with simultaneous interpretation in English and Spanish)<\/p>\n<ul>\n<li><strong>Program<\/strong>: <a href=\"https:\/\/cmv-educare.com\/wp-content\/uploads\/2021\/03\/Webinar-3-EN-v.2.pdf\" target=\"_blank\" rel=\"noopener\">English<\/a> \/ <a href=\"https:\/\/cmv-educare.com\/wp-content\/uploads\/2021\/03\/Webinaire-3-ES-v.2.pdf\" target=\"_blank\" rel=\"noopener\">Espa\u00f1ol<\/a><\/li>\n<li><strong>Recording\u00a0<\/strong>: <a href=\"https:\/\/www.youtube.com\/watch?v=M9d5ssInO2c\">Regards crois\u00e9s sur les enseigants en prison en France &#8211; YouTube<\/a><\/li>\n<li><strong>Slides (in French)<\/strong>\u00a0:\n<ul>\n<li><a href=\"https:\/\/cmv-educare.com\/wp-content\/uploads\/2021\/03\/Diaporama-webinaire-17-mars-2021_Catherine-LE-FAOU.pptx\" target=\"_blank\" rel=\"noopener\">Diaporama webinaire 17 mars 2021 \u2013 Catherine LE FAOU<\/a><\/li>\n<li><a href=\"https:\/\/cmv-educare.com\/wp-content\/uploads\/2021\/03\/Diaporama-webinaire-17-mars-2021_Fanny-SALANE.pptx\" target=\"_blank\" rel=\"noopener\">Diaporama webinaire 17 mars 2021 \u2013 Fanny SALANE<\/a><\/li>\n<li><a href=\"https:\/\/cmv-educare.com\/wp-content\/uploads\/2021\/03\/Diaporama-webinaire-17-mars-2021_Jean-Luc-HERAUD.pptx\" target=\"_blank\" rel=\"noopener\">Diaporama webinaire 17 mars 2021 \u2013 Jean-Luc HERAUD<\/a><\/li>\n<\/ul>\n<\/li>\n<\/ul>\n<p><strong><em>February 24, 2021<\/em><\/strong><\/p>\n<p>WEBINAIRE 2 &#8211; <em>The Prisoner Learning Academic Network<br \/>\nPanel chaired by PLAN<\/em><\/p>\n<ul>\n<li><strong>Program<\/strong>: <a href=\"https:\/\/cmv-educare.com\/wp-content\/uploads\/2021\/02\/Webinar-2-EN-Final.pdf\" target=\"_blank\" rel=\"noopener\">English<\/a> \/ <a href=\"https:\/\/cmv-educare.com\/wp-content\/uploads\/2021\/02\/Webinaire-2-ES-Final.pdf\" target=\"_blank\" rel=\"noopener\">Espa\u00f1ol<\/a><\/li>\n<li><strong>Recording\u00a0<\/strong>: <a href=\"https:\/\/www.youtube.com\/watch?v=oSdYacOdxGA\">The Prisoner Learning Academic Network &#8211; YouTube<\/a><\/li>\n<li><strong>Slides<\/strong>:\n<ul>\n<li><a href=\"https:\/\/cmv-educare.com\/wp-content\/uploads\/2021\/02\/PLAN-MB.pptx\" target=\"_blank\" rel=\"noopener\">The Open Academy<\/a><\/li>\n<li><a href=\"https:\/\/cmv-educare.com\/wp-content\/uploads\/2021\/02\/PLAN-KS.pptx\" target=\"_blank\" rel=\"noopener\">Philosophy Education in prison<\/a><\/li>\n<li><a href=\"https:\/\/cmv-educare.com\/wp-content\/uploads\/2021\/02\/PLAN-HN.pptx\" target=\"_blank\" rel=\"noopener\">Beyond Employability: What is education in prison for?<\/a><\/li>\n<li><a href=\"https:\/\/cmv-educare.com\/wp-content\/uploads\/2021\/02\/PLAN-CB.pptx\" target=\"_blank\" rel=\"noopener\">Prison Education and the Mosaic of Citizenship<\/a><\/li>\n<\/ul>\n<\/li>\n<\/ul>\n<p><strong><em>February 3, 2021<\/em><\/strong><\/p>\n<p>WEBINAR 1 &#8211;\u00a0<em>How Prison Libraries Support Rehabilitation Efforts<br \/>\nPanel chaired by the UNESCO Institute for Lifelong Learning<br \/>\n<\/em><\/p>\n<ul>\n<li><strong>Program<\/strong>: <a href=\"https:\/\/cmv-educare.com\/wp-content\/uploads\/2021\/01\/Annonce_EN.pdf\" target=\"_blank\" rel=\"noopener\">English<\/a>\u00a0\/\u00a0<a href=\"https:\/\/cmv-educare.com\/wp-content\/uploads\/2021\/05\/Annonce_ES.pdf\" target=\"_blank\" rel=\"noopener\">Espa\u00f1ol<\/a><\/li>\n<li><strong>Recording\u00a0<\/strong>: Technical issues prevent us from sharing the recording of this webinar. Apologies!<\/li>\n<\/ul>\n","protected":false},"excerpt":{"rendered":"<p>The UNESCO Chair of Applied Research on Education in Prison, in collaboration with the UNESCO Institute for Lifelong Learning and the Institut de Coop\u00e9ration pour l\u2019\u00c9ducation aux Adultes (ICEA), are pleased to offer webinar Series about education in prison. Upcoming activities The webinar series on innovative research and practice in education in Prison is continuing&#8230;<\/p>\n","protected":false},"author":7,"featured_media":0,"parent":0,"menu_order":29,"comment_status":"open","ping_status":"closed","template":"subpages.php","meta":{"_acf_changed":false,"footnotes":""},"class_list":["post-2049","page","type-page","status-publish","hentry"],"acf":[],"_links":{"self":[{"href":"https:\/\/cmv-educare.com\/en\/wp-json\/wp\/v2\/pages\/2049","targetHints":{"allow":["GET"]}}],"collection":[{"href":"https:\/\/cmv-educare.com\/en\/wp-json\/wp\/v2\/pages"}],"about":[{"href":"https:\/\/cmv-educare.com\/en\/wp-json\/wp\/v2\/types\/page"}],"author":[{"embeddable":true,"href":"https:\/\/cmv-educare.com\/en\/wp-json\/wp\/v2\/users\/7"}],"replies":[{"embeddable":true,"href":"https:\/\/cmv-educare.com\/en\/wp-json\/wp\/v2\/comments?post=2049"}],"version-history":[{"count":61,"href":"https:\/\/cmv-educare.com\/en\/wp-json\/wp\/v2\/pages\/2049\/revisions"}],"predecessor-version":[{"id":5970,"href":"https:\/\/cmv-educare.com\/en\/wp-json\/wp\/v2\/pages\/2049\/revisions\/5970"}],"wp:attachment":[{"href":"https:\/\/cmv-educare.com\/en\/wp-json\/wp\/v2\/media?parent=2049"}],"curies":[{"name":"wp","href":"https:\/\/api.w.org\/{rel}","templated":true}]}}